{"id":2622,"date":"2024-07-29T12:04:55","date_gmt":"2024-07-29T12:04:55","guid":{"rendered":"https:\/\/www.lacanadienne.com\/vermietung-preise-campingplatz-arcachon-frankreich\/"},"modified":"2026-02-04T12:54:35","modified_gmt":"2026-02-04T12:54:35","slug":"vermietung-preise-campingplatz-arcachon-frankreich","status":"publish","type":"page","link":"https:\/\/www.lacanadienne.com\/de\/vermietung-preise-campingplatz-arcachon-frankreich\/","title":{"rendered":"Sonderangebote"},"content":{"rendered":"\n<div class=\"wp-block-group\"><div class=\"wp-block-group__inner-container is-layout-constrained wp-block-group-is-layout-constrained\"><section id=\"ls-section-block_d9367ea99ec3baee887ca8b0d3cdcc94\" class=\"ls-section  page-one has-background has-color-4-background-color has-m-t m-t-0 has-m-b m-b-0 has-p-t p-t-14 has-p-b p-b-14\" >\r\n        <div class=\"container container--wide\">\r\n        \n\n<div class=\"wp-block-columns is-layout-flex wp-container-core-columns-is-layout-1 wp-block-columns-is-layout-flex\">\n<div class=\"wp-block-column is-layout-flow wp-block-column-is-layout-flow\">\n<h1 class=\"ls__heading wp-block-heading has-text-align-center\">G\u00fcnstiger Campingplatz in Ar\u00e8s<\/h1>\n\n\n\n<p class=\"ls-paragraph has-text-align-center\">Nutzen Sie die g\u00fcnstigen Preise unserer <a href=\"https:\/\/www.lacanadienne.com\/de\/vermietung-mobilheim-ares\/\">Mobilheime<\/a> und <a href=\"https:\/\/www.lacanadienne.com\/de\/stellplatze-frankreich-becken-arcachon\/\">Stellpl\u00e4tze<\/a> und unsere Sonderangebote, um einen preiswerten Urlaub in Ar\u00e8s, in der Bucht von Arcachon, zu verbringen.<\/p>\n<\/div>\n<\/div>\n\n\r\n    <\/div>\r\n<\/section><\/div><\/div>\n<section id=\"offrecouple\" class=\"ls-section  page-one aventure\" >\r\n        <div class=\"container container--wide\">\r\n        \n\n<div class=\"wp-block-columns is-layout-flex wp-container-core-columns-is-layout-2 wp-block-columns-is-layout-flex\">\n<div class=\"wp-block-column first animated fadeInLeft delay-100ms slow is-layout-flow wp-block-column-is-layout-flow\" style=\"flex-basis:45%\">\n<figure class=\"wp-block-image size-full\"><a href=\"https:\/\/www.lacanadienne.com\/wp-content\/uploads\/sites\/23\/2024\/08\/promotions-couple-camping-ares.webp\"><img decoding=\"async\" width=\"1200\" height=\"800\" src=\"https:\/\/www.lacanadienne.com\/wp-content\/uploads\/sites\/23\/2024\/08\/promotions-couple-camping-ares.webp\" alt=\"Sonderangebote Paar Camping Ares\" class=\"wp-image-1378\" srcset=\"https:\/\/www.lacanadienne.com\/wp-content\/uploads\/sites\/23\/2024\/08\/promotions-couple-camping-ares.webp 1200w, https:\/\/www.lacanadienne.com\/wp-content\/uploads\/sites\/23\/2024\/08\/promotions-couple-camping-ares-300x200.webp 300w, https:\/\/www.lacanadienne.com\/wp-content\/uploads\/sites\/23\/2024\/08\/promotions-couple-camping-ares-1024x683.webp 1024w, https:\/\/www.lacanadienne.com\/wp-content\/uploads\/sites\/23\/2024\/08\/promotions-couple-camping-ares-768x512.webp 768w\" sizes=\"(max-width: 1200px) 100vw, 1200px\" \/><\/a><\/figure>\n<\/div>\n\n\n\n<div class=\"wp-block-column is-vertically-aligned-center second animated fadeInRight slow is-layout-flow wp-block-column-is-layout-flow\" style=\"flex-basis:55%\">\n<h2 class=\"ls__heading wp-block-heading\">Speziell f\u00fcr Paare<\/h2>\n\n\n\n<p class=\"ls-paragraph\">Entdecken Sie zu zweit einen der beliebtesten Orte der Franzosen am S\u00fcdatlantik: das <a href=\"https:\/\/www.lacanadienne.com\/de\/tourismus-arcachon-becken-frankreich\/\">Becken von Arcachon<\/a>. Unser Campingplatz ist der perfekte Ort f\u00fcr einen <strong>unvergesslichen romantischen Ausflug<\/strong>. Vermeiden Sie die Menschenmassen im Sommer und entscheiden Sie sich f\u00fcr den Fr\u00fchling oder September, um Ar\u00e8s und seine Umgebung zu erkunden.<\/p>\n\n\n\n<p class=\"ls-paragraph\">M\u00f6chten Sie Ihren Partner mit einem <strong>originellen Geschenk<\/strong> \u00fcberraschen? W\u00e4hlen Sie einen romantischen Urlaub in der N\u00e4he von Cap Ferret ab 299\u20ac pro Woche und nutzen Sie die Sonderangebote f\u00fcr Paare auf unserem Campingplatz. Unsere Kurg\u00e4ste werden es zu sch\u00e4tzen wissen, eine preisg\u00fcnstige Unterkunft f\u00fcr ihren dreiw\u00f6chigen Aufenthalt in der N\u00e4he der Thalasso-Klinik von Arcachon zu mieten.    <\/p>\n\n\n\n<p class=\"ls-paragraph\">Dieses Campingangebot ist f\u00fcr zwei Personen, mit oder ohne Baby unter drei Jahren, f\u00fcr den Fr\u00fchling oder Herbst buchbar. Dieses Angebot ist nicht mit anderen g\u00fcltigen Angeboten auf unserem Campingplatz kombinierbar. <\/p>\n<\/div>\n<\/div>\n\n\r\n    <\/div>\r\n<\/section><section id=\"ls-section-block_255d50ecd46939392f8c63e476c7aca9\" class=\"ls-section  page-one has-background has-color-4-background-color has-m-t m-t-0 has-p-t p-t-14\" >\r\n        <div class=\"container container--wide\">\r\n        \n\n<div class=\"wp-block-columns is-layout-flex wp-container-core-columns-is-layout-3 wp-block-columns-is-layout-flex\">\n<div class=\"wp-block-column first  animated fadeInLeft slow is-layout-flow wp-block-column-is-layout-flow\" style=\"flex-basis:45%\">\n<figure class=\"wp-block-image size-full\"><a href=\"https:\/\/www.lacanadienne.com\/wp-content\/uploads\/sites\/23\/2024\/08\/camping-avec-piscine-chauffee-bassin-arcachon.jpg\"><img decoding=\"async\" width=\"800\" height=\"532\" src=\"https:\/\/www.lacanadienne.com\/wp-content\/uploads\/sites\/23\/2024\/08\/camping-avec-piscine-chauffee-bassin-arcachon.jpg\" alt=\"campingplatz mit beheiztem schwimmbad arcachon becken\" class=\"wp-image-838\" srcset=\"https:\/\/www.lacanadienne.com\/wp-content\/uploads\/sites\/23\/2024\/08\/camping-avec-piscine-chauffee-bassin-arcachon.jpg 800w, https:\/\/www.lacanadienne.com\/wp-content\/uploads\/sites\/23\/2024\/08\/camping-avec-piscine-chauffee-bassin-arcachon-300x200.jpg 300w, https:\/\/www.lacanadienne.com\/wp-content\/uploads\/sites\/23\/2024\/08\/camping-avec-piscine-chauffee-bassin-arcachon-768x511.jpg 768w\" sizes=\"(max-width: 800px) 100vw, 800px\" \/><\/a><\/figure>\n<\/div>\n\n\n\n<div class=\"wp-block-column is-vertically-aligned-center second animated fadeInRight delay-100ms slow is-layout-flow wp-block-column-is-layout-flow\" style=\"flex-basis:55%\">\n<h2 class=\"ls__heading wp-block-heading\"><strong>Unser Geheimtipp Flexible An- und Abreise f\u00fcr Ihren Urlaub in <\/strong>Ar\u00e8s<\/h2>\n\n\n\n<p class=\"ls-paragraph\">Jetzt k\u00f6nnen Sie am <strong>Mittwoch<\/strong> an- und abreisen!<\/p>\n\n\n\n<p class=\"ls-paragraph\">Vermeiden Sie die Staus am Wochenende und genie\u00dfen Sie eine angenehmere und weniger stressige Fahrt zum Bassin d&#8217;Arcachon. Wenn Sie am Mittwoch ankommen, k\u00f6nnen Sie Ihren Urlaub in aller Ruhe beginnen und haben mehr Zeit, um Ihren Aufenthalt zu genie\u00dfen. Diese neue Formel ist ideal f\u00fcr diejenigen, die ihre Woche anders organisieren oder ihren Urlaub in aller Ruhe verl\u00e4ngern m\u00f6chten.  <\/p>\n\n\n\n<p class=\"ls-paragraph\"><strong>La Canadienne<\/strong> bietet Ihnen eine nat\u00fcrliche und gesellige Umgebung mit modernen Einrichtungen: beheiztes Schwimmbad, Kinderspielpl\u00e4tze und eine gro\u00dfe Auswahl an komfortablen Unterk\u00fcnften f\u00fcr jeden Geschmack.<\/p>\n\n\n\n<p class=\"ls-paragraph\">Um diese neue Option zu nutzen, w\u00e4hlen Sie einfach Ihre Daten von <strong>Mittwoch bis Mittwoch<\/strong> bei Ihrer Buchung auf unserer Website aus oder wenden Sie sich direkt an unsere Rezeption.<\/p>\n\n\n\n<p class=\"ls-paragraph\">F\u00fcr weitere Fragen oder Ratschl\u00e4ge stehen wir Ihnen gerne zur Verf\u00fcgung.  <strong>Das gesamte Team des Campingplatzes La Canadienne freut sich darauf, Sie zu diesem neuen Angebot begr\u00fc\u00dfen zu d\u00fcrfen!<\/strong><\/p>\n<\/div>\n<\/div>\n\n\r\n    <\/div>\r\n<\/section><section id=\"ls-section-block_4effcfe6061f0063f6bd15e52b754b33\" class=\"ls-section  page-maillage experience has-m-t m-t-0 has-p-t p-t-10\" >\r\n        <div class=\"container container--wide\">\r\n        \n\n<div id=\"ls-heading ls-titre-div-block_1fef5a043e1c82b6d8fa5bbc41b67cc4\" class=\"ls-titre-div aligncenter h2-like\" >\n    <strong>Entdecken Sie unsere<\/strong> Standorte, Vermietungen und Dienstleistungen<\/div>\n\n\n<div id=\"ls-maillage-block_355101656ed061c8255050a5a34e17e5\" class=\"ls-maillage cta-style-normal\" data-rows=\"3\">\n    <div class=\"wp-block-columns\"><div class=\"wp-block-column\"><div id=\"destinations\" class=\"ls-cta\">\n\n<a href=\"https:\/\/www.lacanadienne.com\/de\/campingplatz-frankreich-becken-arcachon-4-sterne-komfort\/\" target=\"\" rel=\"noopener\" class=\"ls-cta__link\">\n\n\t<div class=\"ls-cta__image\"><img decoding=\"async\" src=\"https:\/\/www.lacanadienne.com\/wp-content\/uploads\/sites\/23\/2024\/08\/petit-dejeuner-camping-arcachon.jpg\" alt=\"Fr\u00fchst\u00fcck auf dem Campingplatz Arcachon\"><\/div>\n\t<div class=\"ls-cta__title\">\n\t\tDienstleistungen\t<\/div>\n\n\t\t\n<\/a><\/div><\/div><div class=\"wp-block-column\"><div id=\"destinations\" class=\"ls-cta\">\n\n<a href=\"https:\/\/www.lacanadienne.com\/de\/vermietung-mobilheim-ares\/\" target=\"\" rel=\"noopener\" class=\"ls-cta__link\">\n\n\t<div class=\"ls-cta__image\"><img decoding=\"async\" src=\"https:\/\/www.lacanadienne.com\/wp-content\/uploads\/sites\/23\/2024\/08\/mobil-home-confort-camping-arcachon.jpg\" alt=\"Mobilheim Komfort Campingplatz Arcachon\"><\/div>\n\t<div class=\"ls-cta__title\">\n\t\tUnsere Unterk\u00fcnfte\t<\/div>\n\n\t\t\n<\/a><\/div><\/div><div class=\"wp-block-column\"><div id=\"destinations\" class=\"ls-cta\">\n\n<a href=\"https:\/\/www.lacanadienne.com\/de\/stellplatze-frankreich-becken-arcachon\/\" target=\"\" rel=\"noopener\" class=\"ls-cta__link\">\n\n\t<div class=\"ls-cta__image\"><img decoding=\"async\" src=\"https:\/\/www.lacanadienne.com\/wp-content\/uploads\/sites\/23\/2024\/08\/emplacement-famille-camping-ales.jpg\" alt=\"Stellplatz Familie Camping Ales\"><\/div>\n\t<div class=\"ls-cta__title\">\n\t\tUnsere Standorte\t<\/div>\n\n\t\t\n<\/a><\/div><\/div><\/div><\/div>\n\r\n    <\/div>\r\n<\/section>","protected":false},"excerpt":{"rendered":"","protected":false},"author":1,"featured_media":1504,"parent":0,"menu_order":0,"comment_status":"closed","ping_status":"closed","template":"","meta":{"_acf_changed":false,"footnotes":""},"sujet":[],"class_list":["post-2622","page","type-page","status-publish","has-post-thumbnail","hentry"],"acf":[],"yoast_head":"<!-- This site is optimized with the Yoast SEO plugin v23.9 - https:\/\/yoast.com\/wordpress\/plugins\/seo\/ -->\n<title>G\u00fcnstiger Campingplatz in Ar\u00e8s | Campingplatz Angebote in Ar\u00e8s<\/title>\n<meta name=\"description\" content=\"G\u00fcnstiger Campingplatz in Ar\u00e8s: Profitieren Sie von Sonderangeboten, Fr\u00fchbucheraktionen und g\u00fcnstigen Aufenthalten f\u00fcr einen g\u00fcnstigen Urlaub in Ar\u00e8s, Bassin d&#039;Arcachon.\" \/>\n<meta name=\"robots\" content=\"index, follow, max-snippet:-1, max-image-preview:large, max-video-preview:-1\" \/>\n<link rel=\"canonical\" href=\"https:\/\/www.lacanadienne.com\/de\/vermietung-preise-campingplatz-arcachon-frankreich\/\" \/>\n<meta property=\"og:locale\" content=\"de_DE\" \/>\n<meta property=\"og:type\" content=\"article\" \/>\n<meta property=\"og:title\" content=\"G\u00fcnstiger Campingplatz in Ar\u00e8s | Campingplatz Angebote in Ar\u00e8s\" \/>\n<meta property=\"og:description\" content=\"G\u00fcnstiger Campingplatz in Ar\u00e8s: Profitieren Sie von Sonderangeboten, Fr\u00fchbucheraktionen und g\u00fcnstigen Aufenthalten f\u00fcr einen g\u00fcnstigen Urlaub in Ar\u00e8s, Bassin d&#039;Arcachon.\" \/>\n<meta property=\"og:url\" content=\"https:\/\/www.lacanadienne.com\/de\/vermietung-preise-campingplatz-arcachon-frankreich\/\" \/>\n<meta property=\"og:site_name\" content=\"Camping La Canadienne\" \/>\n<meta property=\"article:modified_time\" content=\"2026-02-04T12:54:35+00:00\" \/>\n<meta property=\"og:image\" content=\"https:\/\/www.lacanadienne.com\/wp-content\/uploads\/sites\/23\/2024\/08\/camping-pas-cher-bassin-arcachon.webp\" \/>\n\t<meta property=\"og:image:width\" content=\"2000\" \/>\n\t<meta property=\"og:image:height\" content=\"800\" \/>\n\t<meta property=\"og:image:type\" content=\"image\/webp\" \/>\n<meta name=\"twitter:card\" content=\"summary_large_image\" \/>\n<meta name=\"twitter:label1\" content=\"Gesch\u00e4tzte Lesezeit\" \/>\n\t<meta name=\"twitter:data1\" content=\"4\u00a0Minuten\" \/>\n<script type=\"application\/ld+json\" class=\"yoast-schema-graph\">{\"@context\":\"https:\/\/schema.org\",\"@graph\":[{\"@type\":\"WebPage\",\"@id\":\"https:\/\/www.lacanadienne.com\/de\/vermietung-preise-campingplatz-arcachon-frankreich\/\",\"url\":\"https:\/\/www.lacanadienne.com\/de\/vermietung-preise-campingplatz-arcachon-frankreich\/\",\"name\":\"G\u00fcnstiger Campingplatz in Ar\u00e8s | Campingplatz Angebote in Ar\u00e8s\",\"isPartOf\":{\"@id\":\"https:\/\/www.lacanadienne.com\/de\/#website\"},\"primaryImageOfPage\":{\"@id\":\"https:\/\/www.lacanadienne.com\/de\/vermietung-preise-campingplatz-arcachon-frankreich\/#primaryimage\"},\"image\":{\"@id\":\"https:\/\/www.lacanadienne.com\/de\/vermietung-preise-campingplatz-arcachon-frankreich\/#primaryimage\"},\"thumbnailUrl\":\"https:\/\/www.lacanadienne.com\/wp-content\/uploads\/sites\/23\/2024\/08\/camping-pas-cher-bassin-arcachon.webp\",\"datePublished\":\"2024-07-29T12:04:55+00:00\",\"dateModified\":\"2026-02-04T12:54:35+00:00\",\"description\":\"G\u00fcnstiger Campingplatz in Ar\u00e8s: Profitieren Sie von Sonderangeboten, Fr\u00fchbucheraktionen und g\u00fcnstigen Aufenthalten f\u00fcr einen g\u00fcnstigen Urlaub in Ar\u00e8s, Bassin d'Arcachon.\",\"breadcrumb\":{\"@id\":\"https:\/\/www.lacanadienne.com\/de\/vermietung-preise-campingplatz-arcachon-frankreich\/#breadcrumb\"},\"inLanguage\":\"de\",\"potentialAction\":[{\"@type\":\"ReadAction\",\"target\":[\"https:\/\/www.lacanadienne.com\/de\/vermietung-preise-campingplatz-arcachon-frankreich\/\"]}]},{\"@type\":\"ImageObject\",\"inLanguage\":\"de\",\"@id\":\"https:\/\/www.lacanadienne.com\/de\/vermietung-preise-campingplatz-arcachon-frankreich\/#primaryimage\",\"url\":\"https:\/\/www.lacanadienne.com\/wp-content\/uploads\/sites\/23\/2024\/08\/camping-pas-cher-bassin-arcachon.webp\",\"contentUrl\":\"https:\/\/www.lacanadienne.com\/wp-content\/uploads\/sites\/23\/2024\/08\/camping-pas-cher-bassin-arcachon.webp\",\"width\":2000,\"height\":800,\"caption\":\"g\u00fcnstiger campingplatz becken arcachon\"},{\"@type\":\"BreadcrumbList\",\"@id\":\"https:\/\/www.lacanadienne.com\/de\/vermietung-preise-campingplatz-arcachon-frankreich\/#breadcrumb\",\"itemListElement\":[{\"@type\":\"ListItem\",\"position\":1,\"name\":\"Camping Bassin d\u2019Arcachon\",\"item\":\"https:\/\/www.lacanadienne.com\/de\/\"},{\"@type\":\"ListItem\",\"position\":2,\"name\":\"Preisg\u00fcnstiger Campingplatz in Ar\u00e8s\"}]},{\"@type\":\"WebSite\",\"@id\":\"https:\/\/www.lacanadienne.com\/de\/#website\",\"url\":\"https:\/\/www.lacanadienne.com\/de\/\",\"name\":\"Camping La Canadienne\",\"description\":\"\",\"publisher\":{\"@id\":\"https:\/\/www.lacanadienne.com\/de\/#organization\"},\"potentialAction\":[{\"@type\":\"SearchAction\",\"target\":{\"@type\":\"EntryPoint\",\"urlTemplate\":\"https:\/\/www.lacanadienne.com\/de\/?s={search_term_string}\"},\"query-input\":{\"@type\":\"PropertyValueSpecification\",\"valueRequired\":true,\"valueName\":\"search_term_string\"}}],\"inLanguage\":\"de\"},{\"@type\":\"Organization\",\"@id\":\"https:\/\/www.lacanadienne.com\/de\/#organization\",\"name\":\"Camping La Canadienne\",\"url\":\"https:\/\/www.lacanadienne.com\/de\/\",\"logo\":{\"@type\":\"ImageObject\",\"inLanguage\":\"de\",\"@id\":\"https:\/\/www.lacanadienne.com\/de\/#\/schema\/logo\/image\/\",\"url\":\"https:\/\/www.lacanadienne.com\/wp-content\/uploads\/sites\/23\/2024\/09\/cropped-logo-Flower-camping-La-Canadienne.png\",\"contentUrl\":\"https:\/\/www.lacanadienne.com\/wp-content\/uploads\/sites\/23\/2024\/09\/cropped-logo-Flower-camping-La-Canadienne.png\",\"width\":500,\"height\":660,\"caption\":\"Camping La Canadienne\"},\"image\":{\"@id\":\"https:\/\/www.lacanadienne.com\/de\/#\/schema\/logo\/image\/\"}}]}<\/script>\n<!-- \/ Yoast SEO plugin. -->","yoast_head_json":{"title":"G\u00fcnstiger Campingplatz in Ar\u00e8s | Campingplatz Angebote in Ar\u00e8s","description":"G\u00fcnstiger Campingplatz in Ar\u00e8s: Profitieren Sie von Sonderangeboten, Fr\u00fchbucheraktionen und g\u00fcnstigen Aufenthalten f\u00fcr einen g\u00fcnstigen Urlaub in Ar\u00e8s, Bassin d'Arcachon.","robots":{"index":"index","follow":"follow","max-snippet":"max-snippet:-1","max-image-preview":"max-image-preview:large","max-video-preview":"max-video-preview:-1"},"canonical":"https:\/\/www.lacanadienne.com\/de\/vermietung-preise-campingplatz-arcachon-frankreich\/","og_locale":"de_DE","og_type":"article","og_title":"G\u00fcnstiger Campingplatz in Ar\u00e8s | Campingplatz Angebote in Ar\u00e8s","og_description":"G\u00fcnstiger Campingplatz in Ar\u00e8s: Profitieren Sie von Sonderangeboten, Fr\u00fchbucheraktionen und g\u00fcnstigen Aufenthalten f\u00fcr einen g\u00fcnstigen Urlaub in Ar\u00e8s, Bassin d'Arcachon.","og_url":"https:\/\/www.lacanadienne.com\/de\/vermietung-preise-campingplatz-arcachon-frankreich\/","og_site_name":"Camping La Canadienne","article_modified_time":"2026-02-04T12:54:35+00:00","og_image":[{"width":2000,"height":800,"url":"https:\/\/www.lacanadienne.com\/wp-content\/uploads\/sites\/23\/2024\/08\/camping-pas-cher-bassin-arcachon.webp","type":"image\/webp"}],"twitter_card":"summary_large_image","twitter_misc":{"Gesch\u00e4tzte Lesezeit":"4\u00a0Minuten"},"schema":{"@context":"https:\/\/schema.org","@graph":[{"@type":"WebPage","@id":"https:\/\/www.lacanadienne.com\/de\/vermietung-preise-campingplatz-arcachon-frankreich\/","url":"https:\/\/www.lacanadienne.com\/de\/vermietung-preise-campingplatz-arcachon-frankreich\/","name":"G\u00fcnstiger Campingplatz in Ar\u00e8s | Campingplatz Angebote in Ar\u00e8s","isPartOf":{"@id":"https:\/\/www.lacanadienne.com\/de\/#website"},"primaryImageOfPage":{"@id":"https:\/\/www.lacanadienne.com\/de\/vermietung-preise-campingplatz-arcachon-frankreich\/#primaryimage"},"image":{"@id":"https:\/\/www.lacanadienne.com\/de\/vermietung-preise-campingplatz-arcachon-frankreich\/#primaryimage"},"thumbnailUrl":"https:\/\/www.lacanadienne.com\/wp-content\/uploads\/sites\/23\/2024\/08\/camping-pas-cher-bassin-arcachon.webp","datePublished":"2024-07-29T12:04:55+00:00","dateModified":"2026-02-04T12:54:35+00:00","description":"G\u00fcnstiger Campingplatz in Ar\u00e8s: Profitieren Sie von Sonderangeboten, Fr\u00fchbucheraktionen und g\u00fcnstigen Aufenthalten f\u00fcr einen g\u00fcnstigen Urlaub in Ar\u00e8s, Bassin d'Arcachon.","breadcrumb":{"@id":"https:\/\/www.lacanadienne.com\/de\/vermietung-preise-campingplatz-arcachon-frankreich\/#breadcrumb"},"inLanguage":"de","potentialAction":[{"@type":"ReadAction","target":["https:\/\/www.lacanadienne.com\/de\/vermietung-preise-campingplatz-arcachon-frankreich\/"]}]},{"@type":"ImageObject","inLanguage":"de","@id":"https:\/\/www.lacanadienne.com\/de\/vermietung-preise-campingplatz-arcachon-frankreich\/#primaryimage","url":"https:\/\/www.lacanadienne.com\/wp-content\/uploads\/sites\/23\/2024\/08\/camping-pas-cher-bassin-arcachon.webp","contentUrl":"https:\/\/www.lacanadienne.com\/wp-content\/uploads\/sites\/23\/2024\/08\/camping-pas-cher-bassin-arcachon.webp","width":2000,"height":800,"caption":"g\u00fcnstiger campingplatz becken arcachon"},{"@type":"BreadcrumbList","@id":"https:\/\/www.lacanadienne.com\/de\/vermietung-preise-campingplatz-arcachon-frankreich\/#breadcrumb","itemListElement":[{"@type":"ListItem","position":1,"name":"Camping Bassin d\u2019Arcachon","item":"https:\/\/www.lacanadienne.com\/de\/"},{"@type":"ListItem","position":2,"name":"Preisg\u00fcnstiger Campingplatz in Ar\u00e8s"}]},{"@type":"WebSite","@id":"https:\/\/www.lacanadienne.com\/de\/#website","url":"https:\/\/www.lacanadienne.com\/de\/","name":"Camping La Canadienne","description":"","publisher":{"@id":"https:\/\/www.lacanadienne.com\/de\/#organization"},"potentialAction":[{"@type":"SearchAction","target":{"@type":"EntryPoint","urlTemplate":"https:\/\/www.lacanadienne.com\/de\/?s={search_term_string}"},"query-input":{"@type":"PropertyValueSpecification","valueRequired":true,"valueName":"search_term_string"}}],"inLanguage":"de"},{"@type":"Organization","@id":"https:\/\/www.lacanadienne.com\/de\/#organization","name":"Camping La Canadienne","url":"https:\/\/www.lacanadienne.com\/de\/","logo":{"@type":"ImageObject","inLanguage":"de","@id":"https:\/\/www.lacanadienne.com\/de\/#\/schema\/logo\/image\/","url":"https:\/\/www.lacanadienne.com\/wp-content\/uploads\/sites\/23\/2024\/09\/cropped-logo-Flower-camping-La-Canadienne.png","contentUrl":"https:\/\/www.lacanadienne.com\/wp-content\/uploads\/sites\/23\/2024\/09\/cropped-logo-Flower-camping-La-Canadienne.png","width":500,"height":660,"caption":"Camping La Canadienne"},"image":{"@id":"https:\/\/www.lacanadienne.com\/de\/#\/schema\/logo\/image\/"}}]}},"_links":{"self":[{"href":"https:\/\/www.lacanadienne.com\/de\/wp-json\/wp\/v2\/pages\/2622","targetHints":{"allow":["GET"]}}],"collection":[{"href":"https:\/\/www.lacanadienne.com\/de\/wp-json\/wp\/v2\/pages"}],"about":[{"href":"https:\/\/www.lacanadienne.com\/de\/wp-json\/wp\/v2\/types\/page"}],"author":[{"embeddable":true,"href":"https:\/\/www.lacanadienne.com\/de\/wp-json\/wp\/v2\/users\/1"}],"replies":[{"embeddable":true,"href":"https:\/\/www.lacanadienne.com\/de\/wp-json\/wp\/v2\/comments?post=2622"}],"version-history":[{"count":8,"href":"https:\/\/www.lacanadienne.com\/de\/wp-json\/wp\/v2\/pages\/2622\/revisions"}],"predecessor-version":[{"id":13282,"href":"https:\/\/www.lacanadienne.com\/de\/wp-json\/wp\/v2\/pages\/2622\/revisions\/13282"}],"wp:featuredmedia":[{"embeddable":true,"href":"https:\/\/www.lacanadienne.com\/de\/wp-json\/wp\/v2\/media\/1504"}],"wp:attachment":[{"href":"https:\/\/www.lacanadienne.com\/de\/wp-json\/wp\/v2\/media?parent=2622"}],"wp:term":[{"taxonomy":"sujet","embeddable":true,"href":"https:\/\/www.lacanadienne.com\/de\/wp-json\/wp\/v2\/sujet?post=2622"}],"curies":[{"name":"wp","href":"https:\/\/api.w.org\/{rel}","templated":true}]}}