{"id":2610,"date":"2024-07-29T12:04:53","date_gmt":"2024-07-29T12:04:53","guid":{"rendered":"https:\/\/www.lacanadienne.com\/kampeerplaatsen-arcachon-frankrijk\/"},"modified":"2024-11-15T08:45:49","modified_gmt":"2024-11-15T08:45:49","slug":"kampeerplaatsen-arcachon-frankrijk","status":"publish","type":"page","link":"https:\/\/www.lacanadienne.com\/nl\/kampeerplaatsen-arcachon-frankrijk\/","title":{"rendered":"Onze locaties"},"content":{"rendered":"<section id=\"ls-section-block_13de20c0eb45afdda68852420ccc04bb\" class=\"ls-section  has-background has-color-4-background-color has-m-t m-t-0 has-m-b m-b-0 has-p-t p-t-14 has-p-b p-b-3\" >\r\n        <div class=\"container container--wide\">\r\n        \n\n<h1 class=\"ls__heading wp-block-heading has-text-align-center\">Huur een staanplaats voor uw tent of caravan in Ar\u00e8s<\/h1>\n\n\n\n<p class=\"ls-paragraph has-text-align-center\"><a href=\"https:\/\/www.lacanadienne.com\/nl\/\">Flower Camping La Canadienne in Ar\u00e8s<\/a>, ideaal gelegen bij het Bassin van Arcachon, biedt staanplaatsen voor <strong>tenten, caravans en campers<\/strong>, met de optie van een priv\u00e9 &#8220;Freecamp&#8221; staanplaats voor optimaal comfort. Geniet van <strong>een vakantie midden in de natuur<\/strong> in een rustige, groene omgeving op een 4-sterrencamping met zwembad in de buurt van Andernos. <br\/><\/p>\n\n\r\n    <\/div>\r\n<\/section><section id=\"ls-section-block_a5da9b32efbba1978b699d8bd24430d1\" class=\"ls-section  has-background has-color-4-background-color has-m-t m-t-0 has-m-b m-b-0 has-p-t p-t-4 has-p-b p-b-14\" >\r\n        <div class=\"container container--wide\">\r\n        \n\n<div id=\"ls-hebergements-block_e93b374273c3272574ba31493bffdd56\" class=\"ls-hebergements\">\n\n    <div class=\"ls-customizer\">\n\n    <div class=\"btn-filtre-responsive sticky-toggle\">\n        <span class='fas fa-filter'><\/span>\n        <div>Filters<\/div>\n\n    <\/div>\n\n    <div class=\"ls-customizer__filters\">\n        <div class=\"ls-customizer__filters__close\">\n            <i class=\"fas fa-times\"><\/i>\n        <\/div>\n\n        <div class=\"ls-customizer__filters__title\">\n            <b>Filters<\/b>\n            <span class=\"ls-customizer__filters__clear\"><i class=\"fas fa-times\"><\/i> Filters verwijderen<\/span>\n        <\/div>\n\n                \n        <!-- Filtres ACF fields -->\n        \n        \n                                <!-- Filtre nombre_de_personnes -->\n                        <div class=\"filter\" id=\"filter-nombre_de_personnes\">\n                <div class=\"filter__title\">Aantal personen<i class=\"fas fa-angle-down\"><\/i><\/div>\n                <fieldset data-filter=\"nombre_de_personnes\" data-operator=\"&gt;=\" class=\"input\">\n                    \n                    <div><input type=\"radio\" name=\"nombre_de_personnes\" id=\"nombre_de_personnes-all\"  class=\"checkbox\" \/><label for='nombre_de_personnes-all'>Alle<\/label><\/div><div><input type=\"radio\" name=\"nombre_de_personnes\" id=\"nombre_de_personnes-1\" value=\"1\" class=\"checkbox\"  \/><label for='nombre_de_personnes-1'>1 pers.<\/label><\/div><div><input type=\"radio\" name=\"nombre_de_personnes\" id=\"nombre_de_personnes-2\" value=\"2\" class=\"checkbox\"  \/><label for='nombre_de_personnes-2'>2 pers.<\/label><\/div><div><input type=\"radio\" name=\"nombre_de_personnes\" id=\"nombre_de_personnes-3\" value=\"3\" class=\"checkbox\"  \/><label for='nombre_de_personnes-3'>3 pers.<\/label><\/div><div><input type=\"radio\" name=\"nombre_de_personnes\" id=\"nombre_de_personnes-4\" value=\"4\" class=\"checkbox\"  \/><label for='nombre_de_personnes-4'>4 pers.<\/label><\/div><div><input type=\"radio\" name=\"nombre_de_personnes\" id=\"nombre_de_personnes-5\" value=\"5\" class=\"checkbox\"  \/><label for='nombre_de_personnes-5'>5 pers.<\/label><\/div><div><input type=\"radio\" name=\"nombre_de_personnes\" id=\"nombre_de_personnes-6\" value=\"6\" class=\"checkbox\"  \/><label for='nombre_de_personnes-6'>6 pers.<\/label><\/div>                <\/fieldset>\n            <\/div>\n                                <!-- Filtre nombre_de_chambres -->\n                        <div class=\"filter\" id=\"filter-nombre_de_chambres\">\n                <div class=\"filter__title\">Aantal slaapkamers<i class=\"fas fa-angle-down\"><\/i><\/div>\n                <fieldset data-filter=\"nombre_de_chambres\" data-operator=\"==\" class=\"input\">\n                    \n                    <div><input type=\"radio\" name=\"nombre_de_chambres\" id=\"nombre_de_chambres-all\"  class=\"checkbox\" \/><label for='nombre_de_chambres-all'>Alle<\/label><\/div><div><input type=\"radio\" name=\"nombre_de_chambres\" id=\"nombre_de_chambres-1\" value=\"1\" class=\"checkbox\"  \/><label for='nombre_de_chambres-1'>1<\/label><\/div><div><input type=\"radio\" name=\"nombre_de_chambres\" id=\"nombre_de_chambres-2\" value=\"2\" class=\"checkbox\"  \/><label for='nombre_de_chambres-2'>2<\/label><\/div><div><input type=\"radio\" name=\"nombre_de_chambres\" id=\"nombre_de_chambres-3\" value=\"3\" class=\"checkbox\"  \/><label for='nombre_de_chambres-3'>3<\/label><\/div>                <\/fieldset>\n            <\/div>\n                    \n        \n    <\/div>\n\n    <div class=\"ls-customizer__orders\">\n        <i class=\"fas fa-sort\"><\/i>\n        <select class=\"select-order\">\n            <option selected value=\"\">Sorteren op<\/option>\n            <option value=\"price-asc\">Stijgende prijs<\/option>\n            <option value=\"price-desc\">Prijs dalend<\/option>\n        <\/select>\n    <\/div>\n\n<\/div><div class=\"ls-hebergements__results\" data-row=\"2\" data-campings=\"false\" data-types=\"[22]\"><div class=\"ls-hebergement\" data-postid='3533' data-id-reservation='104625' data-id-site='' data-id1='' data-nombre_de_personnes='6' data-nombre_de_chambres='' data-last-update='' data-type='pitch-fr'>\n\t<div class=\"ls-hebergement__thumb\">\n\t\t\t\t<img decoding=\"async\" src=\"https:\/\/www.lacanadienne.com\/wp-content\/uploads\/sites\/23\/2024\/09\/0-1107608.jpg\" alt=\"Premium pakket : Freecamp kampeerplaats met elektriciteit\" \/>\n\t\t<div class=\"ls-hebergement__icons\">\n\n\t\t\t\t\t\t\t<span class=\"ls-hebergement__icon\">\n\t\t\t\t\t<i class=\"flower-family\"><\/i>\n\t\t\t\t\t6\t\t\t\t<\/span>\n\t\t\t\n\t\t\t\n\t\t\t\n\t\t\t\n\t\t\t<!--  -->\n\n\t\t<\/div>\n\n\t<\/div>\n\n\t<div class=\"ls-hebergement__content\">\n\t\t<div class=\"ls-hebergement__title\">\n\t\t\tPremium pakket : Freecamp kampeerplaats met elektriciteit\t\t<\/div>\n\n\t\t<!-- <div class=\"ls-hebergement__details\">\n\n\t\t\t<div class=\"ls-hebergement__infos\">\n\t\t\t\t\t\t\t\t\t\t\t<\/div>\n\t\t<\/div> -->\n\n\t\t<div class=\"ls-hebergement__disponibilites\">\n\t\t\tOntdek\t\t<\/div>\n\t<\/div>\n\n\t<div class=\"ls-single-hebergement\" data-postid='3533' data-id-reservation='104625' data-id-site='' data-id1='' data-nombre_de_personnes='6' data-nombre_de_chambres='' data-last-update='' data-type='pitch-fr'>\n\t<div class=\"container\">\n\n\t\t\t\t\t<div class=\"ls-single-hebergement__close\">\n\t\t\t\t<i class=\"flower-bis-croix\"><\/i>\n\t\t\t<\/div>\n\t\t\n\t\t\n\t\t\t\t<img decoding=\"async\" src=\"https:\/\/www.lacanadienne.com\/wp-content\/uploads\/sites\/23\/2024\/09\/0-1107608.jpg\" alt=\"Premium pakket : Freecamp kampeerplaats met elektriciteit\" \/>; \n\n\t\t<div class=\"wp-block-columns\">\n\t\t\t<div class=\"wp-block-column\" style=\"flex-basis:66.66%\">\n\t\t\t\t<div class=\"ls-single-hebergement__header_info\">\n\n\t\t\t\t\t<div class=\"h1-like\">Premium pakket : Freecamp kampeerplaats met elektriciteit<\/div>\n\t\t\t\t\t<div class=\"ls-single-hebergement__icons\">\n\n\t\t\t\t\t\t\n\t\t\t\t\t\t\n\t\t\t\t\t\t\n\t\t\t\t\t\t\n\t\t\t\t\t<\/div>\n\n\t\t\t\t<\/div>\n\t\t\t\t\t\t\t\t\t\t<ul class=\"ls-single-hebergement__galerie\">\n\t\t\t\t\t\t\t\t\t\t\t\t\t\t\t<li>\n\t\t\t\t\t\t\t\t\t<a href=\"https:\/\/www.lacanadienne.com\/wp-content\/uploads\/sites\/23\/2024\/09\/0-1107608.jpg\" data-fancybox=\"hebergement-3533\">\n\t\t\t\t\t\t\t\t\t\t<img decoding=\"async\" src=\"https:\/\/www.lacanadienne.com\/wp-content\/uploads\/sites\/23\/2024\/09\/sanitaires-150x150.webp\" alt=\"sanitaires\" \/>\n\t\t\t\t\t\t\t\t\t<\/a>\n\t\t\t\t\t\t\t\t<\/li>\n\t\t\t\t\t\t\t\t\t\t\t\t\t\t\t<li>\n\t\t\t\t\t\t\t\t\t<a href=\"https:\/\/www.lacanadienne.com\/wp-content\/uploads\/sites\/23\/2024\/09\/1-1107610.jpg\" data-fancybox=\"hebergement-3533\">\n\t\t\t\t\t\t\t\t\t\t<img decoding=\"async\" src=\"https:\/\/www.lacanadienne.com\/wp-content\/uploads\/sites\/23\/2024\/09\/camping-locatifs-bassin-darcachon-150x150.webp\" alt=\"camping-locatifs-bassin-darcachon\" \/>\n\t\t\t\t\t\t\t\t\t<\/a>\n\t\t\t\t\t\t\t\t<\/li>\n\t\t\t\t\t\t\t\t\t\t\t\t\t<\/ul>\n\t\t\t\t\t\t\t\t\t<!-- End icons -->\n\n\t\t\t\t\n\n\n\t\t\t\t<div class=\"ls-single-hebergement__description\">\n\t\t\t\t\t<p>De Freecamp heeft een keuken met gootsteen, een kleine koelkast en 2 pitten + een douche en een toilet.<\/p>\n\t\t\t\t<\/div>\n\n\t\t\t\t\t\t\t<\/div>\n\t\t\t<div class=\"wp-block-column\" style=\"flex-basis:33.333%\">\n\t\t\t\t<div class=\"ls-single-hebergement__sidebar\">\n\t\t\t\t\t<div class=\"h3-like\">Uw verblijf<\/div>\n\t\t\t\t\t<form class=\"form-resa form-resa--single\">\n\t\t\t\t\t\t<div class=\"form-resa__dates\">\n\t\t\t\t\t\t\t<div class=\"form-resa__date\">\n\t\t\t\t\t\t\t\tVan\t\t\t\t\t\t\t\t\t\t\t\t\t\t\t\t<input autocomplete=\"off\" id=\"form-resa-single__start\" value=\"\" class=\"datepicker datepicker--start\" type=\"text\" placeholder=\"Van\">\n\t\t\t\t\t\t\t<\/div>\n\t\t\t\t\t\t\t<div class=\"form-resa__date\">\n\t\t\t\t\t\t\t\top\t\t\t\t\t\t\t\t\t\t\t\t\t\t\t\t<input autocomplete=\"off\" id=\"form-resa-single__end\" value=\"\" class=\"datepicker datepicker--end\" type=\"text\" placeholder=\"op\">\n\t\t\t\t\t\t\t<\/div>\n\t\t\t\t\t\t<\/div>\n\t\t\t\t\t<\/form>\n\t\t\t\t\t<div class=\"disponibilite-wrap ls-dispo\">\n\t\t\t\t\t\t\t\t\t\t\t<\/div>\n\t\t\t\t<\/div>\n\t\t\t<\/div>\n\t\t<\/div>\n\t<\/div>\n<\/div>\t\n<\/div><div class=\"ls-hebergement\" data-postid='3535' data-id-reservation='14741' data-id-site='' data-id1='' data-nombre_de_personnes='6' data-nombre_de_chambres='' data-last-update='' data-type='pitch-fr'>\n\t<div class=\"ls-hebergement__thumb\">\n\t\t\t\t<img decoding=\"async\" src=\"https:\/\/www.lacanadienne.com\/wp-content\/uploads\/sites\/23\/2024\/09\/0-845739.jpg\" alt=\"Basisprijs Comfortplaats (1 tent, caravan of camper \/ 1 auto \/ elektriciteit 15A)\" \/>\n\t\t<div class=\"ls-hebergement__icons\">\n\n\t\t\t\t\t\t\t<span class=\"ls-hebergement__icon\">\n\t\t\t\t\t<i class=\"flower-family\"><\/i>\n\t\t\t\t\t6\t\t\t\t<\/span>\n\t\t\t\n\t\t\t\n\t\t\t\n\t\t\t\n\t\t\t<!--  -->\n\n\t\t<\/div>\n\n\t<\/div>\n\n\t<div class=\"ls-hebergement__content\">\n\t\t<div class=\"ls-hebergement__title\">\n\t\t\tBasisprijs Comfortplaats (1 tent, caravan of camper \/ 1 auto \/ elektriciteit 15A)\t\t<\/div>\n\n\t\t<!-- <div class=\"ls-hebergement__details\">\n\n\t\t\t<div class=\"ls-hebergement__infos\">\n\t\t\t\t\t\t\t\t\t\t\t<\/div>\n\t\t<\/div> -->\n\n\t\t<div class=\"ls-hebergement__disponibilites\">\n\t\t\tOntdek\t\t<\/div>\n\t<\/div>\n\n\t<div class=\"ls-single-hebergement\" data-postid='3535' data-id-reservation='14741' data-id-site='' data-id1='' data-nombre_de_personnes='6' data-nombre_de_chambres='' data-last-update='' data-type='pitch-fr'>\n\t<div class=\"container\">\n\n\t\t\t\t\t<div class=\"ls-single-hebergement__close\">\n\t\t\t\t<i class=\"flower-bis-croix\"><\/i>\n\t\t\t<\/div>\n\t\t\n\t\t\n\t\t\t\t<img decoding=\"async\" src=\"https:\/\/www.lacanadienne.com\/wp-content\/uploads\/sites\/23\/2024\/09\/0-845739.jpg\" alt=\"Basisprijs Comfortplaats (1 tent, caravan of camper \/ 1 auto \/ elektriciteit 15A)\" \/>; \n\n\t\t<div class=\"wp-block-columns\">\n\t\t\t<div class=\"wp-block-column\" style=\"flex-basis:66.66%\">\n\t\t\t\t<div class=\"ls-single-hebergement__header_info\">\n\n\t\t\t\t\t<div class=\"h1-like\">Basisprijs Comfortplaats (1 tent, caravan of camper \/ 1 auto \/ elektriciteit 15A)<\/div>\n\t\t\t\t\t<div class=\"ls-single-hebergement__icons\">\n\n\t\t\t\t\t\t\n\t\t\t\t\t\t\n\t\t\t\t\t\t\n\t\t\t\t\t\t\n\t\t\t\t\t<\/div>\n\n\t\t\t\t<\/div>\n\t\t\t\t\t\t\t\t\t\t<ul class=\"ls-single-hebergement__galerie\">\n\t\t\t\t\t\t\t\t\t\t\t\t\t\t\t<li>\n\t\t\t\t\t\t\t\t\t<a href=\"https:\/\/www.lacanadienne.com\/wp-content\/uploads\/sites\/23\/2024\/09\/0-845739.jpg\" data-fancybox=\"hebergement-3535\">\n\t\t\t\t\t\t\t\t\t\t<img decoding=\"async\" src=\"https:\/\/www.lacanadienne.com\/wp-content\/uploads\/sites\/23\/2024\/09\/0-845739-150x150.jpg\" alt=\"0-845739\" \/>\n\t\t\t\t\t\t\t\t\t<\/a>\n\t\t\t\t\t\t\t\t<\/li>\n\t\t\t\t\t\t\t\t\t\t\t\t\t\t\t<li>\n\t\t\t\t\t\t\t\t\t<a href=\"https:\/\/www.lacanadienne.com\/wp-content\/uploads\/sites\/23\/2024\/09\/1-845738.jpg\" data-fancybox=\"hebergement-3535\">\n\t\t\t\t\t\t\t\t\t\t<img decoding=\"async\" src=\"https:\/\/www.lacanadienne.com\/wp-content\/uploads\/sites\/23\/2024\/09\/1-845738-150x150.jpg\" alt=\"1-845738\" \/>\n\t\t\t\t\t\t\t\t\t<\/a>\n\t\t\t\t\t\t\t\t<\/li>\n\t\t\t\t\t\t\t\t\t\t\t\t\t<\/ul>\n\t\t\t\t\t\t\t\t\t<!-- End icons -->\n\n\t\t\t\t\n\n\n\t\t\t\t<div class=\"ls-single-hebergement__description\">\n\t\t\t\t\t<p>Standplaatsen van 80 m\u00b2, voor een auto met tent of caravan.<br \/>Het pakket is inclusief 2 personen en elektriciteit.<\/p>\n\t\t\t\t<\/div>\n\n\t\t\t\t\t\t\t<\/div>\n\t\t\t<div class=\"wp-block-column\" style=\"flex-basis:33.333%\">\n\t\t\t\t<div class=\"ls-single-hebergement__sidebar\">\n\t\t\t\t\t<div class=\"h3-like\">Uw verblijf<\/div>\n\t\t\t\t\t<form class=\"form-resa form-resa--single\">\n\t\t\t\t\t\t<div class=\"form-resa__dates\">\n\t\t\t\t\t\t\t<div class=\"form-resa__date\">\n\t\t\t\t\t\t\t\tVan\t\t\t\t\t\t\t\t\t\t\t\t\t\t\t\t<input autocomplete=\"off\" id=\"form-resa-single__start\" value=\"\" class=\"datepicker datepicker--start\" type=\"text\" placeholder=\"Van\">\n\t\t\t\t\t\t\t<\/div>\n\t\t\t\t\t\t\t<div class=\"form-resa__date\">\n\t\t\t\t\t\t\t\top\t\t\t\t\t\t\t\t\t\t\t\t\t\t\t\t<input autocomplete=\"off\" id=\"form-resa-single__end\" value=\"\" class=\"datepicker datepicker--end\" type=\"text\" placeholder=\"op\">\n\t\t\t\t\t\t\t<\/div>\n\t\t\t\t\t\t<\/div>\n\t\t\t\t\t<\/form>\n\t\t\t\t\t<div class=\"disponibilite-wrap ls-dispo\">\n\t\t\t\t\t\t\t\t\t\t\t<\/div>\n\t\t\t\t<\/div>\n\t\t\t<\/div>\n\t\t<\/div>\n\t<\/div>\n<\/div>\t\n<\/div><\/div><\/div>\n\r\n    <\/div>\r\n<\/section><section id=\"ls-section-block_bd75e05abaf4c34ae56ed122ff159581\" class=\"ls-section  page-one has-background has-color-white-background-color has-m-t m-t-0 has-m-b m-b-0 has-p-t p-t-14 has-p-b p-b-14\" >\r\n        <div class=\"container container--wide\">\r\n        \n\n<div class=\"wp-block-columns is-layout-flex wp-container-core-columns-is-layout-1 wp-block-columns-is-layout-flex\">\n<div class=\"wp-block-column animated fadeInLeft delay-100ms slow is-layout-flow wp-block-column-is-layout-flow\" style=\"flex-basis:45%\">\n<figure class=\"wp-block-image size-full\"><a href=\"https:\/\/www.lacanadienne.com\/wp-content\/uploads\/sites\/23\/2024\/08\/louer-un-emplacement-a-arcachon.jpg\"><img decoding=\"async\" width=\"586\" height=\"650\" src=\"https:\/\/www.lacanadienne.com\/wp-content\/uploads\/sites\/23\/2024\/08\/louer-un-emplacement-a-arcachon.jpg\" alt=\"een staanplaats huren in arcachon\" class=\"wp-image-1480\" srcset=\"https:\/\/www.lacanadienne.com\/wp-content\/uploads\/sites\/23\/2024\/08\/louer-un-emplacement-a-arcachon.jpg 586w, https:\/\/www.lacanadienne.com\/wp-content\/uploads\/sites\/23\/2024\/08\/louer-un-emplacement-a-arcachon-270x300.jpg 270w\" sizes=\"(max-width: 586px) 100vw, 586px\" \/><\/a><\/figure>\n<\/div>\n\n\n\n<div class=\"wp-block-column is-vertically-aligned-center animated fadeInRight slow is-layout-flow wp-block-column-is-layout-flow\" style=\"flex-basis:55%\">\n<h2 class=\"ls__heading wp-block-heading\">Onze staanplaatsen met elektriciteit aan de baai van Arcachon<\/h2>\n\n\n\n<p class=\"ls-paragraph\">Op camping La Canadienne wachten <strong>mooie groene standplaatsen<\/strong> op je voor een zonnige vakantie in het hart van de Gironde.\nOnze ruime kampeerplaatsen van ongeveer <strong>80 tot 100m\u00b2<\/strong> zijn zorgvuldig afgebakend met heggen om je privacy en rust te geven.\nLaat ons bij uw reservering weten wat uw voorkeur heeft: een plaats in de schaduw, in de zon, dicht bij het zwembad of andere speciale criteria.\nWe raden je aan van tevoren te reserveren om te profiteren van de beste staanplaatsen.     <\/p>\n\n\n\n<p class=\"ls-paragraph\"><s> <\/s>We bieden <strong>kampeerplaatspakketten<\/strong> voor al onze kampeerders: <strong>comfort<\/strong> (met een 15A elektriciteitsaansluiting) of premium uitgerust met de <strong>Freecamp<\/strong> met 15A elektriciteit .<\/p>\n\n\n\n<p class=\"ls-paragraph\">Geniet van een tussenstop aan de <a href=\"https:\/\/www.lacanadienne.com\/nl\/toerisme-bassin-arcachon-frankrijk\/\">baai van Arcachon<\/a> of van een langer verblijf op onze camping, die beschikt over een groot sanitairgebouw achter het zwembad. Boek nu en geniet van een onvergetelijke vakantie op camping La Canadienne, waar ontspanning en gezelligheid aan de orde van de dag zijn! <\/p>\n<\/div>\n<\/div>\n\n\r\n    <\/div>\r\n<\/section><section id=\"ls-section-block_5184bf324f01bf25fc0817e5fbb1f19e\" class=\"ls-section  page-one has-background has-color-3-background-color has-m-b m-b-0 has-p-t p-t-7\" >\r\n        <div class=\"container container--wide\">\r\n        \n\n<div class=\"wp-block-columns is-layout-flex wp-container-core-columns-is-layout-2 wp-block-columns-is-layout-flex\">\n<div class=\"wp-block-column is-vertically-aligned-center first  animated fadeInLeft slow is-layout-flow wp-block-column-is-layout-flow\" style=\"flex-basis:55%\">\n<h2 class=\"ls__heading wp-block-heading\">Priv\u00e9 faciliteiten<\/h2>\n\n\n\n<p class=\"ls-paragraph\">Ontdek een nieuwe manier van kamperen met onze <strong>kampeerplaatsen uitgerust met sanitair<\/strong>, het Premium pakket, ontworpen voor maximaal 6 personen.\nHuur een ge\u00eblektrificeerde kampeerplaats in Ar\u00e8s uitgerust met een Freecamp, inclusief een cabine met douche en priv\u00e9toilet, een kitchenette met gootsteen, minikoelkast en kookplaat.\nProfiteer van alle voordelen: geen wachttijden bij het toiletgebouw, directe toegang tot een waterpunt, elektrische aansluiting.\nDit<strong> nieuwe concept, 100% priv\u00e9, <\/strong>is ideaal voor koppels en gezinnen die onderweg zijn en garandeert veiligheid en comfort.   <\/p>\n\n\n\n<p class=\"ls-paragraph\">In de zomer raden we je aan van tevoren te reserveren, omdat de plaatsen beperkt zijn.\nIn het laagseizoen hoef je dankzij deze innovatieve staanplaats niet van je staanplaats naar het toiletgebouw te lopen.\nProbeer de Freecamp ervaring voor een unieke en onvergetelijke vakantie in de buurt van Andernos!  <\/p>\n<\/div>\n\n\n\n<div class=\"wp-block-column second animated fadeInRight delay-100ms slow is-layout-flow wp-block-column-is-layout-flow\" style=\"flex-basis:45%\">\n<figure class=\"wp-block-image size-full\"><a href=\"https:\/\/www.lacanadienne.com\/wp-content\/uploads\/sites\/23\/2024\/08\/emplacement-freecamp-a-arcachon.jpg\"><img decoding=\"async\" width=\"800\" height=\"532\" src=\"https:\/\/www.lacanadienne.com\/wp-content\/uploads\/sites\/23\/2024\/08\/emplacement-freecamp-a-arcachon.jpg\" alt=\"locatie freecamp in arcachon\" class=\"wp-image-1486\" srcset=\"https:\/\/www.lacanadienne.com\/wp-content\/uploads\/sites\/23\/2024\/08\/emplacement-freecamp-a-arcachon.jpg 800w, https:\/\/www.lacanadienne.com\/wp-content\/uploads\/sites\/23\/2024\/08\/emplacement-freecamp-a-arcachon-300x200.jpg 300w, https:\/\/www.lacanadienne.com\/wp-content\/uploads\/sites\/23\/2024\/08\/emplacement-freecamp-a-arcachon-768x511.jpg 768w\" sizes=\"(max-width: 800px) 100vw, 800px\" \/><\/a><\/figure>\n<\/div>\n<\/div>\n\n\r\n    <\/div>\r\n<\/section><section id=\"ls-section-block_94642a9f90b0ca66a778840bcca2ff43\" class=\"ls-section  page-one has-background has-color-4-background-color has-m-t m-t-0 has-p-t p-t-7 has-p-b p-b-14\" >\r\n        <div class=\"container container--wide\">\r\n        \n\n<div class=\"wp-block-columns is-layout-flex wp-container-core-columns-is-layout-3 wp-block-columns-is-layout-flex\">\n<div class=\"wp-block-column animated fadeInLeft delay-100ms slow is-layout-flow wp-block-column-is-layout-flow\" style=\"flex-basis:45%\">\n<figure class=\"wp-block-image size-full\"><a href=\"https:\/\/www.lacanadienne.com\/wp-content\/uploads\/sites\/23\/2024\/08\/emplacement-famille-camping-ales.jpg\"><img decoding=\"async\" width=\"800\" height=\"532\" src=\"https:\/\/www.lacanadienne.com\/wp-content\/uploads\/sites\/23\/2024\/08\/emplacement-famille-camping-ales.jpg\" alt=\"familie camping ales\" class=\"wp-image-1492\" srcset=\"https:\/\/www.lacanadienne.com\/wp-content\/uploads\/sites\/23\/2024\/08\/emplacement-famille-camping-ales.jpg 800w, https:\/\/www.lacanadienne.com\/wp-content\/uploads\/sites\/23\/2024\/08\/emplacement-famille-camping-ales-300x200.jpg 300w, https:\/\/www.lacanadienne.com\/wp-content\/uploads\/sites\/23\/2024\/08\/emplacement-famille-camping-ales-768x511.jpg 768w\" sizes=\"(max-width: 800px) 100vw, 800px\" \/><\/a><\/figure>\n<\/div>\n\n\n\n<div class=\"wp-block-column is-vertically-aligned-center animated fadeInRight slow is-layout-flow wp-block-column-is-layout-flow\" style=\"flex-basis:55%\">\n<h2 class=\"ls__heading wp-block-heading\">Onze diensten voor standplaatsen<\/h2>\n\n\n\n<p class=\"ls-paragraph\">Kampeerders, laat je zorgen achter je en geniet van je verblijf op camping Ar\u00e8s, in het hart van de baai van Arcachon! We hebben aan alles gedacht om je verblijf zo comfortabel mogelijk te maken. Bij de receptie kun je voor \u20ac15\/verblijf een elektrische adapter of onze camperkoffer met servies huren. Voor extra comfort kun je kiezen voor onze complete kit met tuinmeubilair, ligstoelen en koelkast vanaf \u20ac18\/dag.   <\/p>\n\n\n\n<p class=\"ls-paragraph\">Verken de omgeving op onze fietsen of laat het ontbijt direct op je kampeerplaats bezorgen. Onze moderne toiletgebouwen zijn 24 uur per dag geopend en beschikken over een stortplaats, douches, kinderopvang en meer voor je gemak. <\/p>\n<\/div>\n<\/div>\n\n\r\n    <\/div>\r\n<\/section><section id=\"ls-section-block_72854ab358a51131553d6505cc5eebc8\" class=\"ls-section  page-maillage experience has-m-t m-t-0 has-p-t p-t-10\" >\r\n        <div class=\"container container--wide\">\r\n        \n\n<div id=\"ls-heading ls-titre-div-block_1aa79b717b67186b19bb6419ee0dc94f\" class=\"ls-titre-div aligncenter h2-like\" >\n    <strong>Ontdek onze<\/strong> huuraccommodaties, speciale aanbiedingen en groepsarrangementen<\/div>\n\n\n<div id=\"ls-maillage-block_bfb5ebd919e47be19c31a2a65924b272\" class=\"ls-maillage cta-style-normal\" data-rows=\"3\">\n    <div class=\"wp-block-columns\"><div class=\"wp-block-column\"><div id=\"destinations\" class=\"ls-cta\">\n\n<a href=\"https:\/\/www.lacanadienne.com\/nl\/camping-groepen-bassin-arcachon\/\" target=\"\" rel=\"noopener\" class=\"ls-cta__link\">\n\n\t<div class=\"ls-cta__image\"><img decoding=\"async\" src=\"https:\/\/www.lacanadienne.com\/wp-content\/uploads\/sites\/23\/2024\/08\/sejour-en-groupe-arcachon.jpg\" alt=\"groepsverblijf arcachon\"><\/div>\n\t<div class=\"ls-cta__title\">\n\t\tGroepen en ondernemingsraden\t<\/div>\n\n\t\t\n<\/a><\/div><\/div><div class=\"wp-block-column\"><div id=\"destinations\" class=\"ls-cta\">\n\n<a href=\"https:\/\/www.lacanadienne.com\/nl\/stacaravan-huren-ares\/\" target=\"\" rel=\"noopener\" class=\"ls-cta__link\">\n\n\t<div class=\"ls-cta__image\"><img decoding=\"async\" src=\"https:\/\/www.lacanadienne.com\/wp-content\/uploads\/sites\/23\/2024\/08\/mobil-home-confort-camping-arcachon.jpg\" alt=\"stacaravan confort camping arcachon\"><\/div>\n\t<div class=\"ls-cta__title\">\n\t\tOnze verhuur\t<\/div>\n\n\t\t\n<\/a><\/div><\/div><div class=\"wp-block-column\"><div id=\"destinations\" class=\"ls-cta\">\n\n<a href=\"https:\/\/www.lacanadienne.com\/nl\/verblijf-tarieven-camping-frankrijk-gironde\/\" target=\"\" rel=\"noopener\" class=\"ls-cta__link\">\n\n\t<div class=\"ls-cta__image\"><img decoding=\"async\" src=\"https:\/\/www.lacanadienne.com\/wp-content\/uploads\/sites\/23\/2024\/08\/mobil-home-confort-camping-arcachon.jpg\" alt=\"stacaravan confort camping arcachon\"><\/div>\n\t<div class=\"ls-cta__title\">\n\t\tPromoties\t<\/div>\n\n\t\t\n<\/a><\/div><\/div><\/div><\/div>\n\r\n    <\/div>\r\n<\/section>","protected":false},"excerpt":{"rendered":"","protected":false},"author":1,"featured_media":1508,"parent":0,"menu_order":0,"comment_status":"closed","ping_status":"closed","template":"","meta":{"_acf_changed":false,"footnotes":""},"sujet":[],"class_list":["post-2610","page","type-page","status-publish","has-post-thumbnail","hentry"],"acf":[],"yoast_head":"<!-- This site is optimized with the Yoast SEO plugin v23.9 - https:\/\/yoast.com\/wordpress\/plugins\/seo\/ -->\n<title>Staanplaats huren Bassin d&#039;Arcachon | Staanplaats caravaning<\/title>\n<meta name=\"description\" content=\"Huur een staanplaats voor uw tent of caravan op onze camping La Canadienne in de baai van Arcachon: diensten, Freecamp...\" \/>\n<meta name=\"robots\" content=\"index, follow, max-snippet:-1, max-image-preview:large, max-video-preview:-1\" \/>\n<link rel=\"canonical\" href=\"https:\/\/www.lacanadienne.com\/nl\/kampeerplaatsen-arcachon-frankrijk\/\" \/>\n<meta property=\"og:locale\" content=\"nl_NL\" \/>\n<meta property=\"og:type\" content=\"article\" \/>\n<meta property=\"og:title\" content=\"Staanplaats huren Bassin d&#039;Arcachon | Staanplaats caravaning\" \/>\n<meta property=\"og:description\" content=\"Huur een staanplaats voor uw tent of caravan op onze camping La Canadienne in de baai van Arcachon: diensten, Freecamp...\" \/>\n<meta property=\"og:url\" content=\"https:\/\/www.lacanadienne.com\/nl\/kampeerplaatsen-arcachon-frankrijk\/\" \/>\n<meta property=\"og:site_name\" content=\"Camping La Canadienne\" \/>\n<meta property=\"article:modified_time\" content=\"2024-11-15T08:45:49+00:00\" \/>\n<meta property=\"og:image\" content=\"https:\/\/www.lacanadienne.com\/wp-content\/uploads\/sites\/23\/2024\/08\/louer-un-emplacement-bassin-arcachon.jpg\" \/>\n\t<meta property=\"og:image:width\" content=\"1920\" \/>\n\t<meta property=\"og:image:height\" content=\"550\" \/>\n\t<meta property=\"og:image:type\" content=\"image\/jpeg\" \/>\n<meta name=\"twitter:card\" content=\"summary_large_image\" \/>\n<meta name=\"twitter:label1\" content=\"Geschatte leestijd\" \/>\n\t<meta name=\"twitter:data1\" content=\"2 minuten\" \/>\n<script type=\"application\/ld+json\" class=\"yoast-schema-graph\">{\"@context\":\"https:\/\/schema.org\",\"@graph\":[{\"@type\":\"WebPage\",\"@id\":\"https:\/\/www.lacanadienne.com\/nl\/kampeerplaatsen-arcachon-frankrijk\/\",\"url\":\"https:\/\/www.lacanadienne.com\/nl\/kampeerplaatsen-arcachon-frankrijk\/\",\"name\":\"Staanplaats huren Bassin d'Arcachon | Staanplaats caravaning\",\"isPartOf\":{\"@id\":\"https:\/\/www.lacanadienne.com\/nl\/#website\"},\"primaryImageOfPage\":{\"@id\":\"https:\/\/www.lacanadienne.com\/nl\/kampeerplaatsen-arcachon-frankrijk\/#primaryimage\"},\"image\":{\"@id\":\"https:\/\/www.lacanadienne.com\/nl\/kampeerplaatsen-arcachon-frankrijk\/#primaryimage\"},\"thumbnailUrl\":\"https:\/\/www.lacanadienne.com\/wp-content\/uploads\/sites\/23\/2024\/08\/louer-un-emplacement-bassin-arcachon.jpg\",\"datePublished\":\"2024-07-29T12:04:53+00:00\",\"dateModified\":\"2024-11-15T08:45:49+00:00\",\"description\":\"Huur een staanplaats voor uw tent of caravan op onze camping La Canadienne in de baai van Arcachon: diensten, Freecamp...\",\"breadcrumb\":{\"@id\":\"https:\/\/www.lacanadienne.com\/nl\/kampeerplaatsen-arcachon-frankrijk\/#breadcrumb\"},\"inLanguage\":\"nl-NL\",\"potentialAction\":[{\"@type\":\"ReadAction\",\"target\":[\"https:\/\/www.lacanadienne.com\/nl\/kampeerplaatsen-arcachon-frankrijk\/\"]}]},{\"@type\":\"ImageObject\",\"inLanguage\":\"nl-NL\",\"@id\":\"https:\/\/www.lacanadienne.com\/nl\/kampeerplaatsen-arcachon-frankrijk\/#primaryimage\",\"url\":\"https:\/\/www.lacanadienne.com\/wp-content\/uploads\/sites\/23\/2024\/08\/louer-un-emplacement-bassin-arcachon.jpg\",\"contentUrl\":\"https:\/\/www.lacanadienne.com\/wp-content\/uploads\/sites\/23\/2024\/08\/louer-un-emplacement-bassin-arcachon.jpg\",\"width\":1920,\"height\":550,\"caption\":\"huur een staanplaats bassin arcachon\"},{\"@type\":\"BreadcrumbList\",\"@id\":\"https:\/\/www.lacanadienne.com\/nl\/kampeerplaatsen-arcachon-frankrijk\/#breadcrumb\",\"itemListElement\":[{\"@type\":\"ListItem\",\"position\":1,\"name\":\"Camping Bassin d\u2019Arcachon\",\"item\":\"https:\/\/www.lacanadienne.com\/nl\/\"},{\"@type\":\"ListItem\",\"position\":2,\"name\":\"Huur een staanplaats op het Bassin d'Arcachon\"}]},{\"@type\":\"WebSite\",\"@id\":\"https:\/\/www.lacanadienne.com\/nl\/#website\",\"url\":\"https:\/\/www.lacanadienne.com\/nl\/\",\"name\":\"Camping La Canadienne\",\"description\":\"\",\"publisher\":{\"@id\":\"https:\/\/www.lacanadienne.com\/nl\/#organization\"},\"potentialAction\":[{\"@type\":\"SearchAction\",\"target\":{\"@type\":\"EntryPoint\",\"urlTemplate\":\"https:\/\/www.lacanadienne.com\/nl\/?s={search_term_string}\"},\"query-input\":{\"@type\":\"PropertyValueSpecification\",\"valueRequired\":true,\"valueName\":\"search_term_string\"}}],\"inLanguage\":\"nl-NL\"},{\"@type\":\"Organization\",\"@id\":\"https:\/\/www.lacanadienne.com\/nl\/#organization\",\"name\":\"Camping La Canadienne\",\"url\":\"https:\/\/www.lacanadienne.com\/nl\/\",\"logo\":{\"@type\":\"ImageObject\",\"inLanguage\":\"nl-NL\",\"@id\":\"https:\/\/www.lacanadienne.com\/nl\/#\/schema\/logo\/image\/\",\"url\":\"https:\/\/www.lacanadienne.com\/wp-content\/uploads\/sites\/23\/2024\/09\/cropped-logo-Flower-camping-La-Canadienne.png\",\"contentUrl\":\"https:\/\/www.lacanadienne.com\/wp-content\/uploads\/sites\/23\/2024\/09\/cropped-logo-Flower-camping-La-Canadienne.png\",\"width\":500,\"height\":660,\"caption\":\"Camping La Canadienne\"},\"image\":{\"@id\":\"https:\/\/www.lacanadienne.com\/nl\/#\/schema\/logo\/image\/\"}}]}<\/script>\n<!-- \/ Yoast SEO plugin. -->","yoast_head_json":{"title":"Staanplaats huren Bassin d'Arcachon | Staanplaats caravaning","description":"Huur een staanplaats voor uw tent of caravan op onze camping La Canadienne in de baai van Arcachon: diensten, Freecamp...","robots":{"index":"index","follow":"follow","max-snippet":"max-snippet:-1","max-image-preview":"max-image-preview:large","max-video-preview":"max-video-preview:-1"},"canonical":"https:\/\/www.lacanadienne.com\/nl\/kampeerplaatsen-arcachon-frankrijk\/","og_locale":"nl_NL","og_type":"article","og_title":"Staanplaats huren Bassin d'Arcachon | Staanplaats caravaning","og_description":"Huur een staanplaats voor uw tent of caravan op onze camping La Canadienne in de baai van Arcachon: diensten, Freecamp...","og_url":"https:\/\/www.lacanadienne.com\/nl\/kampeerplaatsen-arcachon-frankrijk\/","og_site_name":"Camping La Canadienne","article_modified_time":"2024-11-15T08:45:49+00:00","og_image":[{"width":1920,"height":550,"url":"https:\/\/www.lacanadienne.com\/wp-content\/uploads\/sites\/23\/2024\/08\/louer-un-emplacement-bassin-arcachon.jpg","type":"image\/jpeg"}],"twitter_card":"summary_large_image","twitter_misc":{"Geschatte leestijd":"2 minuten"},"schema":{"@context":"https:\/\/schema.org","@graph":[{"@type":"WebPage","@id":"https:\/\/www.lacanadienne.com\/nl\/kampeerplaatsen-arcachon-frankrijk\/","url":"https:\/\/www.lacanadienne.com\/nl\/kampeerplaatsen-arcachon-frankrijk\/","name":"Staanplaats huren Bassin d'Arcachon | Staanplaats caravaning","isPartOf":{"@id":"https:\/\/www.lacanadienne.com\/nl\/#website"},"primaryImageOfPage":{"@id":"https:\/\/www.lacanadienne.com\/nl\/kampeerplaatsen-arcachon-frankrijk\/#primaryimage"},"image":{"@id":"https:\/\/www.lacanadienne.com\/nl\/kampeerplaatsen-arcachon-frankrijk\/#primaryimage"},"thumbnailUrl":"https:\/\/www.lacanadienne.com\/wp-content\/uploads\/sites\/23\/2024\/08\/louer-un-emplacement-bassin-arcachon.jpg","datePublished":"2024-07-29T12:04:53+00:00","dateModified":"2024-11-15T08:45:49+00:00","description":"Huur een staanplaats voor uw tent of caravan op onze camping La Canadienne in de baai van Arcachon: diensten, Freecamp...","breadcrumb":{"@id":"https:\/\/www.lacanadienne.com\/nl\/kampeerplaatsen-arcachon-frankrijk\/#breadcrumb"},"inLanguage":"nl-NL","potentialAction":[{"@type":"ReadAction","target":["https:\/\/www.lacanadienne.com\/nl\/kampeerplaatsen-arcachon-frankrijk\/"]}]},{"@type":"ImageObject","inLanguage":"nl-NL","@id":"https:\/\/www.lacanadienne.com\/nl\/kampeerplaatsen-arcachon-frankrijk\/#primaryimage","url":"https:\/\/www.lacanadienne.com\/wp-content\/uploads\/sites\/23\/2024\/08\/louer-un-emplacement-bassin-arcachon.jpg","contentUrl":"https:\/\/www.lacanadienne.com\/wp-content\/uploads\/sites\/23\/2024\/08\/louer-un-emplacement-bassin-arcachon.jpg","width":1920,"height":550,"caption":"huur een staanplaats bassin arcachon"},{"@type":"BreadcrumbList","@id":"https:\/\/www.lacanadienne.com\/nl\/kampeerplaatsen-arcachon-frankrijk\/#breadcrumb","itemListElement":[{"@type":"ListItem","position":1,"name":"Camping Bassin d\u2019Arcachon","item":"https:\/\/www.lacanadienne.com\/nl\/"},{"@type":"ListItem","position":2,"name":"Huur een staanplaats op het Bassin d'Arcachon"}]},{"@type":"WebSite","@id":"https:\/\/www.lacanadienne.com\/nl\/#website","url":"https:\/\/www.lacanadienne.com\/nl\/","name":"Camping La Canadienne","description":"","publisher":{"@id":"https:\/\/www.lacanadienne.com\/nl\/#organization"},"potentialAction":[{"@type":"SearchAction","target":{"@type":"EntryPoint","urlTemplate":"https:\/\/www.lacanadienne.com\/nl\/?s={search_term_string}"},"query-input":{"@type":"PropertyValueSpecification","valueRequired":true,"valueName":"search_term_string"}}],"inLanguage":"nl-NL"},{"@type":"Organization","@id":"https:\/\/www.lacanadienne.com\/nl\/#organization","name":"Camping La Canadienne","url":"https:\/\/www.lacanadienne.com\/nl\/","logo":{"@type":"ImageObject","inLanguage":"nl-NL","@id":"https:\/\/www.lacanadienne.com\/nl\/#\/schema\/logo\/image\/","url":"https:\/\/www.lacanadienne.com\/wp-content\/uploads\/sites\/23\/2024\/09\/cropped-logo-Flower-camping-La-Canadienne.png","contentUrl":"https:\/\/www.lacanadienne.com\/wp-content\/uploads\/sites\/23\/2024\/09\/cropped-logo-Flower-camping-La-Canadienne.png","width":500,"height":660,"caption":"Camping La Canadienne"},"image":{"@id":"https:\/\/www.lacanadienne.com\/nl\/#\/schema\/logo\/image\/"}}]}},"_links":{"self":[{"href":"https:\/\/www.lacanadienne.com\/nl\/wp-json\/wp\/v2\/pages\/2610","targetHints":{"allow":["GET"]}}],"collection":[{"href":"https:\/\/www.lacanadienne.com\/nl\/wp-json\/wp\/v2\/pages"}],"about":[{"href":"https:\/\/www.lacanadienne.com\/nl\/wp-json\/wp\/v2\/types\/page"}],"author":[{"embeddable":true,"href":"https:\/\/www.lacanadienne.com\/nl\/wp-json\/wp\/v2\/users\/1"}],"replies":[{"embeddable":true,"href":"https:\/\/www.lacanadienne.com\/nl\/wp-json\/wp\/v2\/comments?post=2610"}],"version-history":[{"count":2,"href":"https:\/\/www.lacanadienne.com\/nl\/wp-json\/wp\/v2\/pages\/2610\/revisions"}],"predecessor-version":[{"id":3628,"href":"https:\/\/www.lacanadienne.com\/nl\/wp-json\/wp\/v2\/pages\/2610\/revisions\/3628"}],"wp:featuredmedia":[{"embeddable":true,"href":"https:\/\/www.lacanadienne.com\/nl\/wp-json\/wp\/v2\/media\/1508"}],"wp:attachment":[{"href":"https:\/\/www.lacanadienne.com\/nl\/wp-json\/wp\/v2\/media?parent=2610"}],"wp:term":[{"taxonomy":"sujet","embeddable":true,"href":"https:\/\/www.lacanadienne.com\/nl\/wp-json\/wp\/v2\/sujet?post=2610"}],"curies":[{"name":"wp","href":"https:\/\/api.w.org\/{rel}","templated":true}]}}